{"id":71,"date":"2018-02-13T00:41:41","date_gmt":"2018-02-12T23:41:41","guid":{"rendered":"\/wp\/?page_id=71"},"modified":"2018-02-16T02:33:44","modified_gmt":"2018-02-16T01:33:44","slug":"continuation-a-aix-la-chapelle","status":"publish","type":"page","link":"http:\/\/www.prokongoyalobi.de\/wp\/fr\/projets\/continuation-a-aix-la-chapelle\/","title":{"rendered":"Continuation \u00e0 Aix-la-Chapelle"},"content":{"rendered":"<div class=\"dotcadre\">Un voyage \u00e0 Kinshasa \u00e9tait au d\u00e9but, suivi par un projet scolaire \u00e0 Aix-la-Chapelle et la fondation de l\u2019association 1\u00ab Pro Kongo ya lobi \u00bb le 12 ao\u00fbt 2009<\/div>\n<p>Vendredi, le 4 septembre, environ 19.00 heures dans le r\u00e9fectoire de la <i>Hauptschule<\/i> (\u00e9tablissement scolaire entre l&#8217;\u00e9cole primaire et la formation professionnelle) Aretzstra\u00dfe, la deuxi\u00e8me assembl\u00e9e des membres de l\u2019association \u00ab&nbsp;Pro Kongo ya lobi&nbsp;\u00bb a eu lieu \u00e0 Aix-la-Chapelle, cette fois-ci publique.<br \/>L\u2019association est ressorti d\u2019une amiti\u00e9 entre le directeur de cette \u00e9cole-l\u00e0, et un coll\u00e8gue d\u2019origine congolaise. L\u2019id\u00e9e a \u00e9t\u00e9 mise au monde pendant un voyage avec les \u00e9pouses respectives \u00e0 Kinshasa. Au d\u00e9but, c\u2019\u00e9tait juste un projet scolaire, mais l\u2019organisation l\u2019a sorti de ce cadre et l\u2019e.V. (association enregistr\u00e9e, a.s.b.l.) fut fond\u00e9e bient\u00f4t.<br \/>Il y a deux priorit\u00e9s du travail de l\u2019association :<\/p>\n<ol>\n<li>Le soutien d\u2019une \u00e9cole et d\u2019un dispensaire \u00e0 Kinshasa. On a l&#8217;intention de collecter des dons en nature et d\u2019argent. On veut y envoyer les premiers par voie maritime \u00e0 intervalles aussi r\u00e9guliers que possible. Un transport a d\u00e9j\u00e0 \u00e9t\u00e9 envoy\u00e9 et le prochain est en pr\u00e9paration.<\/li>\n<li>Le travail \u00e0 Aix-la-Chapelle a deux axes essentiels&nbsp;:\n<ol>\n<li>On d\u00e9veloppe une aide \u00e0 l\u2019int\u00e9gration pour des Congolais, auquel cas la langue joue un r\u00f4le essentiel.<\/li>\n<li>L\u2019information de la population d\u2019ici sur le pays, l\u2019histoire, la culture et la politique. En plus des expos\u00e9s, des films etc. seront pr\u00e9sent\u00e9s r\u00e9guli\u00e8rement aux assembl\u00e9es des membres. Mais \u00e9galement la cuisine congolaise et d\u2019autres parties de la culture seront pr\u00e9sent\u00e9es. Ce vendredi-l\u00e0, nous avons r\u00e9jouiss\u00e9 de bonnes bricoles aussi.<\/li>\n<\/ol>\n<p>Un autre moyen d\u2019information est une newsletter, dans laquelle ces informations seront repr\u00e9par\u00e9es. Ensuite, on va trouver-les sur ce site web.<\/p>\n<\/li>\n<\/ol>\n<p>Le 12 ao\u00fbt l\u2019association \u00ab&nbsp;Pro Kongo ya lobi&nbsp;\u00bb s\u2019est fond\u00e9e, ce qui signifie \u00ab&nbsp;pour le Congo de demain &nbsp;\u00bb. Environ 30 membres fondateurs \u00e9taient pr\u00e9sents, dont la d\u00e9put\u00e9e verte du Bundestag (parlement allemand), <a href=\"http:\/\/www.bettina-herlitzius.de\/\" target=\"_blank\">Bettina Herlizius<\/a>. Sans exception, les pr\u00e9sents \u00e9taient tr\u00e8s engag\u00e9s et on avait besoin d&#8217;activit\u00e9 voulait apporter ses capacit\u00e9s dans le travail de l\u2019association. Un large \u00e9ventail, d&#8217;un sp\u00e9cialiste d\u2019ordinateur et une publicitaire jusqu\u2019\u00e0 une \u00e9ducatrice sociale, veut apporter ses connaissances dans le travail. De m\u00eame, le soutien de la part d\u2019entreprises comme <a href=\"http:\/\/www.regioit-aachen.de\" target=\"_blank\">REGIO IT Aachen<\/a> a \u00e9t\u00e9 promis. .<\/p>\n","protected":false},"excerpt":{"rendered":"<p>Un voyage \u00e0 Kinshasa \u00e9tait au d\u00e9but, suivi par un projet scolaire \u00e0 Aix-la-Chapelle et la fondation de l\u2019association 1\u00ab Pro Kongo ya lobi \u00bb le 12 ao\u00fbt 2009 Vendredi, le 4 septembre, environ 19.00 heures dans le r\u00e9fectoire de la Hauptschule (\u00e9tablissement scolaire entre l&#8217;\u00e9cole primaire et la formation\u2026 <a class=\"continue-reading-link\" href=\"http:\/\/www.prokongoyalobi.de\/wp\/fr\/projets\/continuation-a-aix-la-chapelle\/\">Weiter \u2013 Continuez<\/a><\/p>\n","protected":false},"author":1,"featured_media":0,"parent":89,"menu_order":1,"comment_status":"closed","ping_status":"closed","template":"","meta":{"footnotes":""},"class_list":["post-71","page","type-page","status-publish","hentry"],"_links":{"self":[{"href":"http:\/\/www.prokongoyalobi.de\/wp\/wp-json\/wp\/v2\/pages\/71","targetHints":{"allow":["GET"]}}],"collection":[{"href":"http:\/\/www.prokongoyalobi.de\/wp\/wp-json\/wp\/v2\/pages"}],"about":[{"href":"http:\/\/www.prokongoyalobi.de\/wp\/wp-json\/wp\/v2\/types\/page"}],"author":[{"embeddable":true,"href":"http:\/\/www.prokongoyalobi.de\/wp\/wp-json\/wp\/v2\/users\/1"}],"replies":[{"embeddable":true,"href":"http:\/\/www.prokongoyalobi.de\/wp\/wp-json\/wp\/v2\/comments?post=71"}],"version-history":[{"count":1,"href":"http:\/\/www.prokongoyalobi.de\/wp\/wp-json\/wp\/v2\/pages\/71\/revisions"}],"predecessor-version":[{"id":72,"href":"http:\/\/www.prokongoyalobi.de\/wp\/wp-json\/wp\/v2\/pages\/71\/revisions\/72"}],"up":[{"embeddable":true,"href":"http:\/\/www.prokongoyalobi.de\/wp\/wp-json\/wp\/v2\/pages\/89"}],"wp:attachment":[{"href":"http:\/\/www.prokongoyalobi.de\/wp\/wp-json\/wp\/v2\/media?parent=71"}],"curies":[{"name":"wp","href":"https:\/\/api.w.org\/{rel}","templated":true}]}}